{"id":1812,"date":"2023-11-14T10:09:36","date_gmt":"2023-11-14T09:09:36","guid":{"rendered":"https:\/\/qinera.com\/?page_id=1812"},"modified":"2025-06-05T13:35:56","modified_gmt":"2025-06-05T11:35:56","slug":"premios-y-reconocimientos","status":"publish","type":"page","link":"https:\/\/qinera.com\/es\/premios-y-reconocimientos\/","title":{"rendered":"Premios y reconocimientos"},"content":{"rendered":"\t\t<div data-elementor-type=\"wp-page\" data-elementor-id=\"1812\" class=\"elementor elementor-1812\" data-elementor-post-type=\"page\">\n\t\t\t\t<div class=\"elementor-element elementor-element-596befb e-flex e-con-boxed e-con e-parent\" data-id=\"596befb\" data-element_type=\"container\">\n\t\t\t\t\t<div class=\"e-con-inner\">\n\t\t<div class=\"elementor-element elementor-element-f5db7f0 e-flex e-con-boxed e-con e-child\" data-id=\"f5db7f0\" data-element_type=\"container\">\n\t\t\t\t\t<div class=\"e-con-inner\">\n\t\t\t\t\t<\/div>\n\t\t\t\t<\/div>\n\t\t\t\t\t<\/div>\n\t\t\t\t<\/div>\n\t\t<div class=\"elementor-element elementor-element-dee7b41 e-flex e-con-boxed e-con e-parent\" data-id=\"dee7b41\" data-element_type=\"container\">\n\t\t\t\t\t<div class=\"e-con-inner\">\n\t\t<div class=\"elementor-element elementor-element-8b8ee8f e-flex e-con-boxed e-con e-child\" data-id=\"8b8ee8f\" data-element_type=\"container\">\n\t\t\t\t\t<div class=\"e-con-inner\">\n\t\t\t\t<div class=\"elementor-element elementor-element-e604f0f elementor-widget elementor-widget-heading\" data-id=\"e604f0f\" data-element_type=\"widget\" data-widget_type=\"heading.default\">\n\t\t\t\t<div class=\"elementor-widget-container\">\n\t\t\t\t\t<h4 class=\"elementor-heading-title elementor-size-default\"><b>2025<\/b><\/h4>\t\t\t\t<\/div>\n\t\t\t\t<\/div>\n\t\t\t\t<div class=\"elementor-element elementor-element-78af799 elementor-widget__width-initial elementor-widget elementor-widget-text-editor\" data-id=\"78af799\" data-element_type=\"widget\" data-widget_type=\"text-editor.default\">\n\t\t\t\t<div class=\"elementor-widget-container\">\n\t\t\t\t\t\t\t\t\t<p><b>Nuevo espacio, mismo compromiso. <\/b><span style=\"font-weight: 400;\">En marzo nos trasladamos a unas nuevas instalaciones m\u00e1s amplias. Este cambio nos permitir\u00e1 seguir mejorando nuestros servicios, ampliar nuestro equipo y afrontar nuevos retos con la misma vocaci\u00f3n: desarrollar tecnolog\u00eda accesible y de calidad para mejorar la vida de las personas.<\/span><\/p>\t\t\t\t\t\t\t\t<\/div>\n\t\t\t\t<\/div>\n\t\t\t\t\t<\/div>\n\t\t\t\t<\/div>\n\t\t<div class=\"elementor-element elementor-element-2dadc15 e-con-full e-flex e-con e-child\" data-id=\"2dadc15\" data-element_type=\"container\">\n\t\t\t\t<div class=\"elementor-element elementor-element-553ecf6 elementor-widget elementor-widget-heading\" data-id=\"553ecf6\" data-element_type=\"widget\" data-widget_type=\"heading.default\">\n\t\t\t\t<div class=\"elementor-widget-container\">\n\t\t\t\t\t<h4 class=\"elementor-heading-title elementor-size-default\"><b>2024<\/b><\/h4>\t\t\t\t<\/div>\n\t\t\t\t<\/div>\n\t\t\t\t<div class=\"elementor-element elementor-element-c98f316 elementor-widget__width-initial elementor-widget elementor-widget-text-editor\" data-id=\"c98f316\" data-element_type=\"widget\" data-widget_type=\"text-editor.default\">\n\t\t\t\t<div class=\"elementor-widget-container\">\n\t\t\t\t\t\t\t\t\t<p>Se lanza una nueva web internacional adaptada a todos los mercados.<\/p>\t\t\t\t\t\t\t\t<\/div>\n\t\t\t\t<\/div>\n\t\t\t\t<\/div>\n\t\t\t\t\t<\/div>\n\t\t\t\t<\/div>\n\t\t<div class=\"elementor-element elementor-element-cabfe2d e-flex e-con-boxed e-con e-parent\" data-id=\"cabfe2d\" data-element_type=\"container\">\n\t\t\t\t\t<div class=\"e-con-inner\">\n\t\t<div class=\"elementor-element elementor-element-33a8e5b e-flex e-con-boxed e-con e-child\" data-id=\"33a8e5b\" data-element_type=\"container\">\n\t\t\t\t\t<div class=\"e-con-inner\">\n\t\t\t\t<div class=\"elementor-element elementor-element-fa8893a elementor-widget elementor-widget-heading\" data-id=\"fa8893a\" data-element_type=\"widget\" data-widget_type=\"heading.default\">\n\t\t\t\t<div class=\"elementor-widget-container\">\n\t\t\t\t\t<h4 class=\"elementor-heading-title elementor-size-default\"><b>2023<\/b><\/h4>\t\t\t\t<\/div>\n\t\t\t\t<\/div>\n\t\t\t\t<div class=\"elementor-element elementor-element-b75faaa elementor-widget__width-initial elementor-widget elementor-widget-text-editor\" data-id=\"b75faaa\" data-element_type=\"widget\" data-widget_type=\"text-editor.default\">\n\t\t\t\t<div class=\"elementor-widget-container\">\n\t\t\t\t\t\t\t\t\t<p>Se actualiza el cat\u00e1logo de servicios y productos para Espa\u00f1a y resto de pa\u00edses donde Qinera tiene presencia de forma directa o a trav\u00e9s de distribuidores exclusivos.<\/p>\t\t\t\t\t\t\t\t<\/div>\n\t\t\t\t<\/div>\n\t\t\t\t\t<\/div>\n\t\t\t\t<\/div>\n\t\t\t\t\t<\/div>\n\t\t\t\t<\/div>\n\t\t<div class=\"elementor-element elementor-element-bf0d249 e-flex e-con-boxed e-con e-parent\" data-id=\"bf0d249\" data-element_type=\"container\">\n\t\t\t\t\t<div class=\"e-con-inner\">\n\t\t<div class=\"elementor-element elementor-element-bea817f e-flex e-con-boxed e-con e-child\" data-id=\"bea817f\" data-element_type=\"container\">\n\t\t\t\t\t<div class=\"e-con-inner\">\n\t\t\t\t<div class=\"elementor-element elementor-element-5110e0a elementor-widget elementor-widget-heading\" data-id=\"5110e0a\" data-element_type=\"widget\" data-widget_type=\"heading.default\">\n\t\t\t\t<div class=\"elementor-widget-container\">\n\t\t\t\t\t<h4 class=\"elementor-heading-title elementor-size-default\"><b>2022<\/b><\/h4>\t\t\t\t<\/div>\n\t\t\t\t<\/div>\n\t\t\t\t<div class=\"elementor-element elementor-element-92c8207 elementor-widget__width-initial elementor-widget elementor-widget-text-editor\" data-id=\"92c8207\" data-element_type=\"widget\" data-widget_type=\"text-editor.default\">\n\t\t\t\t<div class=\"elementor-widget-container\">\n\t\t\t\t\t\t\t\t\t<p>La compa\u00f1\u00eda contin\u00faa creciendo, ampl\u00eda sus oficinas y su equipo de profesionales para el mercado espa\u00f1ol e internacional. El equipo est\u00e1 formado ahora por 30 personas.\u00a0<\/p><p>Se produce un cambio de nombre, BJ Adaptaciones <b>pasa a llamarse Qinera<\/b>, y un cambio estructural, pasando de una SL a una <b>cooperativa de trabajadores<\/b>.<\/p>\t\t\t\t\t\t\t\t<\/div>\n\t\t\t\t<\/div>\n\t\t\t\t<div class=\"elementor-element elementor-element-9a315e2 elementor-widget elementor-widget-heading\" data-id=\"9a315e2\" data-element_type=\"widget\" data-widget_type=\"heading.default\">\n\t\t\t\t<div class=\"elementor-widget-container\">\n\t\t\t\t\t<h6 class=\"elementor-heading-title elementor-size-default\"><a href=\"https:\/\/blog.qinera.com\/bj-adaptaciones-ahora-es-qinera\/\"><b>Visita nuestro blog<\/b> <\/a><\/h6>\t\t\t\t<\/div>\n\t\t\t\t<\/div>\n\t\t<div class=\"elementor-element elementor-element-69f5aa7 e-con-full e-flex e-con e-child\" data-id=\"69f5aa7\" data-element_type=\"container\">\n\t\t\t\t<div class=\"elementor-element elementor-element-3ae3525 elementor-widget elementor-widget-image\" data-id=\"3ae3525\" data-element_type=\"widget\" data-widget_type=\"image.default\">\n\t\t\t\t<div class=\"elementor-widget-container\">\n\t\t\t\t\t\t\t\t\t\t\t\t\t\t\t<img fetchpriority=\"high\" decoding=\"async\" width=\"648\" height=\"162\" src=\"https:\/\/qinera.com\/app\/uploads\/2023\/11\/banner-qinera.jpg\" class=\"attachment-large size-large wp-image-1816\" alt=\"\" srcset=\"https:\/\/qinera.com\/app\/uploads\/2023\/11\/banner-qinera.jpg 648w, https:\/\/qinera.com\/app\/uploads\/2023\/11\/banner-qinera-300x75.jpg 300w\" sizes=\"(max-width: 648px) 100vw, 648px\" \/>\t\t\t\t\t\t\t\t\t\t\t\t\t\t\t<\/div>\n\t\t\t\t<\/div>\n\t\t\t\t<\/div>\n\t\t\t\t\t<\/div>\n\t\t\t\t<\/div>\n\t\t\t\t\t<\/div>\n\t\t\t\t<\/div>\n\t\t<div class=\"elementor-element elementor-element-93c2719 e-flex e-con-boxed e-con e-parent\" data-id=\"93c2719\" data-element_type=\"container\">\n\t\t\t\t\t<div class=\"e-con-inner\">\n\t\t<div class=\"elementor-element elementor-element-af23277 e-flex e-con-boxed e-con e-child\" data-id=\"af23277\" data-element_type=\"container\">\n\t\t\t\t\t<div class=\"e-con-inner\">\n\t\t\t\t<div class=\"elementor-element elementor-element-e4b5d9b elementor-widget elementor-widget-heading\" data-id=\"e4b5d9b\" data-element_type=\"widget\" data-widget_type=\"heading.default\">\n\t\t\t\t<div class=\"elementor-widget-container\">\n\t\t\t\t\t<h4 class=\"elementor-heading-title elementor-size-default\"><b>2018<\/b><\/h4>\t\t\t\t<\/div>\n\t\t\t\t<\/div>\n\t\t\t\t<div class=\"elementor-element elementor-element-0194cbe elementor-widget__width-initial elementor-widget elementor-widget-text-editor\" data-id=\"0194cbe\" data-element_type=\"widget\" data-widget_type=\"text-editor.default\">\n\t\t\t\t<div class=\"elementor-widget-container\">\n\t\t\t\t\t\t\t\t\t<p>Joaqu\u00edn, Borja y Carlos Romero, hermanos y miembros de BJ Adaptaciones, se unen al equipo de fundadores de la <a href=\"https:\/\/www.romperbarreras.org\/\"><b>Fundaci\u00f3n Romper Barreras<\/b><\/a>, de la que Borja Romero es tambi\u00e9n presidente.<\/p><p>Ese mismo a\u00f1o, poco despu\u00e9s de impulsar la creaci\u00f3n de la Fundaci\u00f3n Romper Barreras, <b>fallece Joaqu\u00edn Romero<\/b>, quien se ha convertido, sin lugar a duda, en un ejemplo de lucha constante por la mejora de calidad de vida y por la autonom\u00eda de las personas con discapacidad.<\/p>\t\t\t\t\t\t\t\t<\/div>\n\t\t\t\t<\/div>\n\t\t\t\t\t<\/div>\n\t\t\t\t<\/div>\n\t\t\t\t\t<\/div>\n\t\t\t\t<\/div>\n\t\t<div class=\"elementor-element elementor-element-fa89399 e-flex e-con-boxed e-con e-parent\" data-id=\"fa89399\" data-element_type=\"container\">\n\t\t\t\t\t<div class=\"e-con-inner\">\n\t\t<div class=\"elementor-element elementor-element-d5fce80 e-con-full e-flex e-con e-child\" data-id=\"d5fce80\" data-element_type=\"container\">\n\t\t\t\t<div class=\"elementor-element elementor-element-9df6af6 elementor-widget elementor-widget-heading\" data-id=\"9df6af6\" data-element_type=\"widget\" data-widget_type=\"heading.default\">\n\t\t\t\t<div class=\"elementor-widget-container\">\n\t\t\t\t\t<h4 class=\"elementor-heading-title elementor-size-default\"><b>2016<\/b><\/h4>\t\t\t\t<\/div>\n\t\t\t\t<\/div>\n\t\t\t\t<div class=\"elementor-element elementor-element-c3e6e67 elementor-widget__width-initial elementor-widget elementor-widget-text-editor\" data-id=\"c3e6e67\" data-element_type=\"widget\" data-widget_type=\"text-editor.default\">\n\t\t\t\t<div class=\"elementor-widget-container\">\n\t\t\t\t\t\t\t\t\t<p>Seguimos fieles a nuestros valores, con la ilusi\u00f3n de un ni\u00f1o y la fortaleza de un s\u00f3lido proyecto para ser, cada d\u00eda m\u00e1s, apoyo y tecnolog\u00eda para las personas con discapacidad.<\/p>\t\t\t\t\t\t\t\t<\/div>\n\t\t\t\t<\/div>\n\t\t\t\t<\/div>\n\t\t\t\t\t<\/div>\n\t\t\t\t<\/div>\n\t\t<div class=\"elementor-element elementor-element-e1be35f e-flex e-con-boxed e-con e-parent\" data-id=\"e1be35f\" data-element_type=\"container\">\n\t\t\t\t\t<div class=\"e-con-inner\">\n\t\t<div class=\"elementor-element elementor-element-13a576c e-flex e-con-boxed e-con e-child\" data-id=\"13a576c\" data-element_type=\"container\">\n\t\t\t\t\t<div class=\"e-con-inner\">\n\t\t\t\t<div class=\"elementor-element elementor-element-ed4fc03 elementor-widget elementor-widget-heading\" data-id=\"ed4fc03\" data-element_type=\"widget\" data-widget_type=\"heading.default\">\n\t\t\t\t<div class=\"elementor-widget-container\">\n\t\t\t\t\t<h4 class=\"elementor-heading-title elementor-size-default\"><b>2015<\/b><\/h4>\t\t\t\t<\/div>\n\t\t\t\t<\/div>\n\t\t\t\t<div class=\"elementor-element elementor-element-fb74221 elementor-widget__width-initial elementor-widget elementor-widget-text-editor\" data-id=\"fb74221\" data-element_type=\"widget\" data-widget_type=\"text-editor.default\">\n\t\t\t\t<div class=\"elementor-widget-container\">\n\t\t\t\t\t\t\t\t\t<h4 class=\"elementor-heading-title elementor-size-default elementor-inline-editing pen\" contenteditable=\"true\" data-elementor-setting-key=\"title\" data-pen-placeholder=\"Teclea aqu\u00ed...\"><b>Premio ASPACE Ipsen Pharma<\/b>, categor\u00eda institucional por el trabajo de BJ Adaptaciones en la promoci\u00f3n de la autonom\u00eda de las personas con par\u00e1lisis cerebral\u200b<\/h4>\t\t\t\t\t\t\t\t<\/div>\n\t\t\t\t<\/div>\n\t\t\t\t\t<\/div>\n\t\t\t\t<\/div>\n\t\t\t\t\t<\/div>\n\t\t\t\t<\/div>\n\t\t<div class=\"elementor-element elementor-element-7ff8f6e e-flex e-con-boxed e-con e-parent\" data-id=\"7ff8f6e\" data-element_type=\"container\">\n\t\t\t\t\t<div class=\"e-con-inner\">\n\t\t<div class=\"elementor-element elementor-element-2d84555 e-flex e-con-boxed e-con e-child\" data-id=\"2d84555\" data-element_type=\"container\">\n\t\t\t\t\t<div class=\"e-con-inner\">\n\t\t\t\t<div class=\"elementor-element elementor-element-cb564b3 elementor-widget elementor-widget-heading\" data-id=\"cb564b3\" data-element_type=\"widget\" data-widget_type=\"heading.default\">\n\t\t\t\t<div class=\"elementor-widget-container\">\n\t\t\t\t\t<h4 class=\"elementor-heading-title elementor-size-default\"><b>2014<\/b><\/h4>\t\t\t\t<\/div>\n\t\t\t\t<\/div>\n\t\t\t\t<div class=\"elementor-element elementor-element-78f9203 elementor-widget elementor-widget-heading\" data-id=\"78f9203\" data-element_type=\"widget\" data-widget_type=\"heading.default\">\n\t\t\t\t<div class=\"elementor-widget-container\">\n\t\t\t\t\t<h4 class=\"elementor-heading-title elementor-size-default\"><span style=\"font-weight: 700\">Premio Reina Sof\u00eda 2014 de Tecnolog\u00edas de la Accesibilidad.<\/span><\/h4>\t\t\t\t<\/div>\n\t\t\t\t<\/div>\n\t\t\t\t\t<\/div>\n\t\t\t\t<\/div>\n\t\t\t\t\t<\/div>\n\t\t\t\t<\/div>\n\t\t<div class=\"elementor-element elementor-element-2c5b8e5 e-flex e-con-boxed e-con e-parent\" data-id=\"2c5b8e5\" data-element_type=\"container\">\n\t\t\t\t\t<div class=\"e-con-inner\">\n\t\t<div class=\"elementor-element elementor-element-8988700 e-con-full e-flex e-con e-child\" data-id=\"8988700\" data-element_type=\"container\">\n\t\t\t\t<div class=\"elementor-element elementor-element-807b884 elementor-widget elementor-widget-image\" data-id=\"807b884\" data-element_type=\"widget\" data-widget_type=\"image.default\">\n\t\t\t\t<div class=\"elementor-widget-container\">\n\t\t\t\t\t\t\t\t\t\t\t\t\t\t\t<img decoding=\"async\" width=\"648\" height=\"291\" src=\"https:\/\/qinera.com\/app\/uploads\/2023\/11\/premios-sofia2014.jpg\" class=\"attachment-large size-large wp-image-1818\" alt=\"\" srcset=\"https:\/\/qinera.com\/app\/uploads\/2023\/11\/premios-sofia2014.jpg 648w, https:\/\/qinera.com\/app\/uploads\/2023\/11\/premios-sofia2014-300x135.jpg 300w\" sizes=\"(max-width: 648px) 100vw, 648px\" \/>\t\t\t\t\t\t\t\t\t\t\t\t\t\t\t<\/div>\n\t\t\t\t<\/div>\n\t\t\t\t<\/div>\n\t\t<div class=\"elementor-element elementor-element-bfa65b6 e-con-full e-flex e-con e-child\" data-id=\"bfa65b6\" data-element_type=\"container\">\n\t\t<div class=\"elementor-element elementor-element-b362fd1 e-flex e-con-boxed e-con e-child\" data-id=\"b362fd1\" data-element_type=\"container\">\n\t\t\t\t\t<div class=\"e-con-inner\">\n\t\t\t\t\t<\/div>\n\t\t\t\t<\/div>\n\t\t\t\t<\/div>\n\t\t\t\t\t<\/div>\n\t\t\t\t<\/div>\n\t\t<div class=\"elementor-element elementor-element-e4f8d47 e-flex e-con-boxed e-con e-parent\" data-id=\"e4f8d47\" data-element_type=\"container\">\n\t\t\t\t\t<div class=\"e-con-inner\">\n\t\t<div class=\"elementor-element elementor-element-5a3d012 e-flex e-con-boxed e-con e-child\" data-id=\"5a3d012\" data-element_type=\"container\">\n\t\t\t\t\t<div class=\"e-con-inner\">\n\t\t\t\t<div class=\"elementor-element elementor-element-b3efac1 elementor-widget elementor-widget-heading\" data-id=\"b3efac1\" data-element_type=\"widget\" data-widget_type=\"heading.default\">\n\t\t\t\t<div class=\"elementor-widget-container\">\n\t\t\t\t\t<h4 class=\"elementor-heading-title elementor-size-default\"><b>2013<\/b><\/h4>\t\t\t\t<\/div>\n\t\t\t\t<\/div>\n\t\t\t\t<div class=\"elementor-element elementor-element-383b1fa elementor-widget__width-initial elementor-widget elementor-widget-text-editor\" data-id=\"383b1fa\" data-element_type=\"widget\" data-widget_type=\"text-editor.default\">\n\t\t\t\t<div class=\"elementor-widget-container\">\n\t\t\t\t\t\t\t\t\t<p>Organizaci\u00f3n en Barcelona del primer encuentro internacional de BJ Adaptaciones con los principales distribuidores de tecnolog\u00eda de apoyo l\u00edderes de toda Europa.<\/p>\t\t\t\t\t\t\t\t<\/div>\n\t\t\t\t<\/div>\n\t\t\t\t\t<\/div>\n\t\t\t\t<\/div>\n\t\t\t\t\t<\/div>\n\t\t\t\t<\/div>\n\t\t<div class=\"elementor-element elementor-element-20636ee e-flex e-con-boxed e-con e-parent\" data-id=\"20636ee\" data-element_type=\"container\">\n\t\t\t\t\t<div class=\"e-con-inner\">\n\t\t<div class=\"elementor-element elementor-element-0514a7d e-flex e-con-boxed e-con e-child\" data-id=\"0514a7d\" data-element_type=\"container\">\n\t\t\t\t\t<div class=\"e-con-inner\">\n\t\t\t\t<div class=\"elementor-element elementor-element-136ac06 elementor-widget elementor-widget-heading\" data-id=\"136ac06\" data-element_type=\"widget\" data-widget_type=\"heading.default\">\n\t\t\t\t<div class=\"elementor-widget-container\">\n\t\t\t\t\t<h4 class=\"elementor-heading-title elementor-size-default\"><b>2012<\/b><\/h4>\t\t\t\t<\/div>\n\t\t\t\t<\/div>\n\t\t\t\t<div class=\"elementor-element elementor-element-a738e76 elementor-widget__width-initial elementor-widget elementor-widget-text-editor\" data-id=\"a738e76\" data-element_type=\"widget\" data-widget_type=\"text-editor.default\">\n\t\t\t\t<div class=\"elementor-widget-container\">\n\t\t\t\t\t\t\t\t\t<p>Se inicia la <b>exportaci\u00f3n internacional de los productos y servicios propios<\/b> de la compa\u00f1\u00eda. Inicialmente bajo la marca BJ Adaptaciones y posteriormente con la marca <b>BJLive!<\/b>.<\/p><p>Inicio de la red de Centros Carta (Centros para la Autonom\u00eda Referentes en Tecnolog\u00eda de Apoyo). Una red de centros, profesionales y gabinetes independientes que tienen en com\u00fan el uso de las tecnolog\u00edas de apoyo para la evaluaci\u00f3n, entrenamiento, formaci\u00f3n y terapia con personas con alg\u00fan tipo de discapacidad.<\/p>\t\t\t\t\t\t\t\t<\/div>\n\t\t\t\t<\/div>\n\t\t\t\t<div class=\"elementor-element elementor-element-3b295d7 elementor-widget elementor-widget-heading\" data-id=\"3b295d7\" data-element_type=\"widget\" data-widget_type=\"heading.default\">\n\t\t\t\t<div class=\"elementor-widget-container\">\n\t\t\t\t\t<h4 class=\"elementor-heading-title elementor-size-default\"><b>Premio a la Innovaci\u00f3n - XV edici\u00f3n de los Premios ASPID 2012.<\/b><\/h4>\t\t\t\t<\/div>\n\t\t\t\t<\/div>\n\t\t\t\t\t<\/div>\n\t\t\t\t<\/div>\n\t\t\t\t\t<\/div>\n\t\t\t\t<\/div>\n\t\t<div class=\"elementor-element elementor-element-9509869 e-flex e-con-boxed e-con e-parent\" data-id=\"9509869\" data-element_type=\"container\">\n\t\t\t\t\t<div class=\"e-con-inner\">\n\t\t<div class=\"elementor-element elementor-element-b970999 e-flex e-con-boxed e-con e-child\" data-id=\"b970999\" data-element_type=\"container\">\n\t\t\t\t\t<div class=\"e-con-inner\">\n\t\t\t\t<div class=\"elementor-element elementor-element-b0763f3 elementor-widget elementor-widget-heading\" data-id=\"b0763f3\" data-element_type=\"widget\" data-widget_type=\"heading.default\">\n\t\t\t\t<div class=\"elementor-widget-container\">\n\t\t\t\t\t<h4 class=\"elementor-heading-title elementor-size-default\"><b>2011<\/b><\/h4>\t\t\t\t<\/div>\n\t\t\t\t<\/div>\n\t\t\t\t<div class=\"elementor-element elementor-element-b639257 elementor-widget__width-initial elementor-widget elementor-widget-text-editor\" data-id=\"b639257\" data-element_type=\"widget\" data-widget_type=\"text-editor.default\">\n\t\t\t\t<div class=\"elementor-widget-container\">\n\t\t\t\t\t\t\t\t\t<p>Puesta en marcha de la primera edici\u00f3n de las Jornadas de Tecnolog\u00eda de Apoyo, el mayor evento de formaci\u00f3n en tecnolog\u00eda de apoyo para profesionales en Espa\u00f1a, con m\u00e1s de 1.000 inscritos.<\/p>\t\t\t\t\t\t\t\t<\/div>\n\t\t\t\t<\/div>\n\t\t\t\t<div class=\"elementor-element elementor-element-d4025fa elementor-widget elementor-widget-heading\" data-id=\"d4025fa\" data-element_type=\"widget\" data-widget_type=\"heading.default\">\n\t\t\t\t<div class=\"elementor-widget-container\">\n\t\t\t\t\t<h4 class=\"elementor-heading-title elementor-size-default\"><b>Premio GIMM a la empresa - XII edici\u00f3n de los premios GIMM 2011.<\/b><\/h4>\t\t\t\t<\/div>\n\t\t\t\t<\/div>\n\t\t\t\t\t<\/div>\n\t\t\t\t<\/div>\n\t\t\t\t\t<\/div>\n\t\t\t\t<\/div>\n\t\t<div class=\"elementor-element elementor-element-23f7f51 e-flex e-con-boxed e-con e-parent\" data-id=\"23f7f51\" data-element_type=\"container\">\n\t\t\t\t\t<div class=\"e-con-inner\">\n\t\t<div class=\"elementor-element elementor-element-78fa32c e-flex e-con-boxed e-con e-child\" data-id=\"78fa32c\" data-element_type=\"container\">\n\t\t\t\t\t<div class=\"e-con-inner\">\n\t\t\t\t<div class=\"elementor-element elementor-element-49a60a2 elementor-widget elementor-widget-heading\" data-id=\"49a60a2\" data-element_type=\"widget\" data-widget_type=\"heading.default\">\n\t\t\t\t<div class=\"elementor-widget-container\">\n\t\t\t\t\t<h4 class=\"elementor-heading-title elementor-size-default\"><b>2010<\/b><\/h4>\t\t\t\t<\/div>\n\t\t\t\t<\/div>\n\t\t\t\t<div class=\"elementor-element elementor-element-07b5ee6 elementor-widget__width-initial elementor-widget elementor-widget-text-editor\" data-id=\"07b5ee6\" data-element_type=\"widget\" data-widget_type=\"text-editor.default\">\n\t\t\t\t<div class=\"elementor-widget-container\">\n\t\t\t\t\t\t\t\t\t<p>Junto con la compa\u00f1\u00eda Matz-Erreka (l\u00edder en fabricaci\u00f3n e instalaci\u00f3n de puertas autom\u00e1ticas perteneciente al Grupo Mondrag\u00f3n) se funda Adom Autonom\u00eda, empresa especializada en la creaci\u00f3n de espacios adaptados, tanto p\u00fablicos como privados.<\/p>\t\t\t\t\t\t\t\t<\/div>\n\t\t\t\t<\/div>\n\t\t\t\t<div class=\"elementor-element elementor-element-379180f elementor-widget elementor-widget-heading\" data-id=\"379180f\" data-element_type=\"widget\" data-widget_type=\"heading.default\">\n\t\t\t\t<div class=\"elementor-widget-container\">\n\t\t\t\t\t<h4 class=\"elementor-heading-title elementor-size-default\"><b>Premio Tecnet a la trayectoria profesional 2010.<\/b><\/h4>\t\t\t\t<\/div>\n\t\t\t\t<\/div>\n\t\t\t\t\t<\/div>\n\t\t\t\t<\/div>\n\t\t\t\t\t<\/div>\n\t\t\t\t<\/div>\n\t\t<div class=\"elementor-element elementor-element-02eb173 e-flex e-con-boxed e-con e-parent\" data-id=\"02eb173\" data-element_type=\"container\">\n\t\t\t\t\t<div class=\"e-con-inner\">\n\t\t<div class=\"elementor-element elementor-element-887171d e-flex e-con-boxed e-con e-child\" data-id=\"887171d\" data-element_type=\"container\">\n\t\t\t\t\t<div class=\"e-con-inner\">\n\t\t\t\t<div class=\"elementor-element elementor-element-8b77620 elementor-widget elementor-widget-heading\" data-id=\"8b77620\" data-element_type=\"widget\" data-widget_type=\"heading.default\">\n\t\t\t\t<div class=\"elementor-widget-container\">\n\t\t\t\t\t<h4 class=\"elementor-heading-title elementor-size-default\"><b>2009<\/b><\/h4>\t\t\t\t<\/div>\n\t\t\t\t<\/div>\n\t\t\t\t<div class=\"elementor-element elementor-element-95a30b2 elementor-widget__width-initial elementor-widget elementor-widget-text-editor\" data-id=\"95a30b2\" data-element_type=\"widget\" data-widget_type=\"text-editor.default\">\n\t\t\t\t<div class=\"elementor-widget-container\">\n\t\t\t\t\t\t\t\t\t<p>Traslado a unas instalaciones de mayor capacidad. El equipo se forma de 8 personas.<\/p><p>Participaci\u00f3n de forma activa con Red.es, ofreciendo accesibilidad a una red de 1.050 telecentros de toda Espa\u00f1a.<\/p>\t\t\t\t\t\t\t\t<\/div>\n\t\t\t\t<\/div>\n\t\t\t\t<div class=\"elementor-element elementor-element-cd8487a elementor-widget elementor-widget-heading\" data-id=\"cd8487a\" data-element_type=\"widget\" data-widget_type=\"heading.default\">\n\t\t\t\t<div class=\"elementor-widget-container\">\n\t\t\t\t\t<h4 class=\"elementor-heading-title elementor-size-default\"><b>Premio ONCE Catalu\u00f1a a la Solidaridad y a la Superaci\u00f3n 2009.<\/b><\/h4>\t\t\t\t<\/div>\n\t\t\t\t<\/div>\n\t\t\t\t\t<\/div>\n\t\t\t\t<\/div>\n\t\t\t\t\t<\/div>\n\t\t\t\t<\/div>\n\t\t<div class=\"elementor-element elementor-element-db277a2 e-flex e-con-boxed e-con e-parent\" data-id=\"db277a2\" data-element_type=\"container\">\n\t\t\t\t\t<div class=\"e-con-inner\">\n\t\t<div class=\"elementor-element elementor-element-040308a e-flex e-con-boxed e-con e-child\" data-id=\"040308a\" data-element_type=\"container\">\n\t\t\t\t\t<div class=\"e-con-inner\">\n\t\t\t\t<div class=\"elementor-element elementor-element-7cb5814 elementor-widget elementor-widget-heading\" data-id=\"7cb5814\" data-element_type=\"widget\" data-widget_type=\"heading.default\">\n\t\t\t\t<div class=\"elementor-widget-container\">\n\t\t\t\t\t<h4 class=\"elementor-heading-title elementor-size-default\"><b>2008<\/b><\/h4>\t\t\t\t<\/div>\n\t\t\t\t<\/div>\n\t\t\t\t<div class=\"elementor-element elementor-element-e3427d3 elementor-widget__width-initial elementor-widget elementor-widget-text-editor\" data-id=\"e3427d3\" data-element_type=\"widget\" data-widget_type=\"text-editor.default\">\n\t\t\t\t<div class=\"elementor-widget-container\">\n\t\t\t\t\t\t\t\t\t<p>BJ Adaptaciones, junto con Toshiba, pone en marcha la Primera Edici\u00f3n de los <b>Premios Romper Barreras<\/b> que tienen como objetivo premiar y fomentar la mejora de la calidad de vida de las personas con discapacidad, mediante el uso de la tecnolog\u00eda.<\/p>\t\t\t\t\t\t\t\t<\/div>\n\t\t\t\t<\/div>\n\t\t\t\t\t<\/div>\n\t\t\t\t<\/div>\n\t\t\t\t\t<\/div>\n\t\t\t\t<\/div>\n\t\t<div class=\"elementor-element elementor-element-887d2cd e-flex e-con-boxed e-con e-parent\" data-id=\"887d2cd\" data-element_type=\"container\">\n\t\t\t\t\t<div class=\"e-con-inner\">\n\t\t<div class=\"elementor-element elementor-element-6118df9 e-con-full e-flex e-con e-child\" data-id=\"6118df9\" data-element_type=\"container\">\n\t\t\t\t<div class=\"elementor-element elementor-element-2119eb9 elementor-widget elementor-widget-image\" data-id=\"2119eb9\" data-element_type=\"widget\" data-widget_type=\"image.default\">\n\t\t\t\t<div class=\"elementor-widget-container\">\n\t\t\t\t\t\t\t\t\t\t\t\t\t\t\t<img decoding=\"async\" width=\"648\" height=\"291\" src=\"https:\/\/qinera.com\/app\/uploads\/2023\/11\/romperbarreras-2008.jpg\" class=\"attachment-large size-large wp-image-1820\" alt=\"\" srcset=\"https:\/\/qinera.com\/app\/uploads\/2023\/11\/romperbarreras-2008.jpg 648w, https:\/\/qinera.com\/app\/uploads\/2023\/11\/romperbarreras-2008-300x135.jpg 300w\" sizes=\"(max-width: 648px) 100vw, 648px\" \/>\t\t\t\t\t\t\t\t\t\t\t\t\t\t\t<\/div>\n\t\t\t\t<\/div>\n\t\t\t\t<div class=\"elementor-element elementor-element-fa65199 elementor-widget elementor-widget-heading\" data-id=\"fa65199\" data-element_type=\"widget\" data-widget_type=\"heading.default\">\n\t\t\t\t<div class=\"elementor-widget-container\">\n\t\t\t\t\t<h4 class=\"elementor-heading-title elementor-size-default\"><span style=\"font-weight: 700\">Premio I+D+i en nuevas tecnolog\u00edas y ayudas t\u00e9cnicas - Premios Imserso - Infanta Cristina 2008.<\/span><\/h4>\t\t\t\t<\/div>\n\t\t\t\t<\/div>\n\t\t\t\t<\/div>\n\t\t<div class=\"elementor-element elementor-element-73270e6 e-con-full e-flex e-con e-child\" data-id=\"73270e6\" data-element_type=\"container\">\n\t\t<div class=\"elementor-element elementor-element-644b266 e-flex e-con-boxed e-con e-child\" data-id=\"644b266\" data-element_type=\"container\">\n\t\t\t\t\t<div class=\"e-con-inner\">\n\t\t\t\t\t<\/div>\n\t\t\t\t<\/div>\n\t\t\t\t<\/div>\n\t\t\t\t\t<\/div>\n\t\t\t\t<\/div>\n\t\t<div class=\"elementor-element elementor-element-9e538b0 e-flex e-con-boxed e-con e-parent\" data-id=\"9e538b0\" data-element_type=\"container\">\n\t\t\t\t\t<div class=\"e-con-inner\">\n\t\t<div class=\"elementor-element elementor-element-c5838b8 e-flex e-con-boxed e-con e-child\" data-id=\"c5838b8\" data-element_type=\"container\">\n\t\t\t\t\t<div class=\"e-con-inner\">\n\t\t\t\t<div class=\"elementor-element elementor-element-89e8c1a elementor-widget elementor-widget-heading\" data-id=\"89e8c1a\" data-element_type=\"widget\" data-widget_type=\"heading.default\">\n\t\t\t\t<div class=\"elementor-widget-container\">\n\t\t\t\t\t<h4 class=\"elementor-heading-title elementor-size-default\"><b>2007<\/b><\/h4>\t\t\t\t<\/div>\n\t\t\t\t<\/div>\n\t\t\t\t<div class=\"elementor-element elementor-element-5873382 elementor-widget__width-initial elementor-widget elementor-widget-text-editor\" data-id=\"5873382\" data-element_type=\"widget\" data-widget_type=\"text-editor.default\">\n\t\t\t\t<div class=\"elementor-widget-container\">\n\t\t\t\t\t\t\t\t\t<p>Se pone en marcha la red de delegados, lo que permite ofrecer los servicios y productos de BJ Adaptaciones en todo el territorio espa\u00f1ol (pen\u00ednsula e islas).<\/p>\t\t\t\t\t\t\t\t<\/div>\n\t\t\t\t<\/div>\n\t\t\t\t<div class=\"elementor-element elementor-element-d2323a5 elementor-widget elementor-widget-heading\" data-id=\"d2323a5\" data-element_type=\"widget\" data-widget_type=\"heading.default\">\n\t\t\t\t<div class=\"elementor-widget-container\">\n\t\t\t\t\t<h4 class=\"elementor-heading-title elementor-size-default\"><span style=\"font-weight: 700\">Finalistas del Premio Excelencia al Desarrollo Sostenible<\/span><\/h4>\t\t\t\t<\/div>\n\t\t\t\t<\/div>\n\t\t\t\t<div class=\"elementor-element elementor-element-ea8a0b8 elementor-widget elementor-widget-heading\" data-id=\"ea8a0b8\" data-element_type=\"widget\" data-widget_type=\"heading.default\">\n\t\t\t\t<div class=\"elementor-widget-container\">\n\t\t\t\t\t<h4 class=\"elementor-heading-title elementor-size-default\"><span style=\"font-weight: 700\">Premio Col\u00b7legi D\u2019Enginyers T\u00e8cnics de Telecomunicaci\u00f3 COETIC<\/span><\/h4>\t\t\t\t<\/div>\n\t\t\t\t<\/div>\n\t\t\t\t\t<\/div>\n\t\t\t\t<\/div>\n\t\t\t\t\t<\/div>\n\t\t\t\t<\/div>\n\t\t<div class=\"elementor-element elementor-element-01612de e-flex e-con-boxed e-con e-parent\" data-id=\"01612de\" data-element_type=\"container\">\n\t\t\t\t\t<div class=\"e-con-inner\">\n\t\t<div class=\"elementor-element elementor-element-62b5c88 e-flex e-con-boxed e-con e-child\" data-id=\"62b5c88\" data-element_type=\"container\">\n\t\t\t\t\t<div class=\"e-con-inner\">\n\t\t\t\t<div class=\"elementor-element elementor-element-4df3f85 elementor-widget elementor-widget-heading\" data-id=\"4df3f85\" data-element_type=\"widget\" data-widget_type=\"heading.default\">\n\t\t\t\t<div class=\"elementor-widget-container\">\n\t\t\t\t\t<h4 class=\"elementor-heading-title elementor-size-default\"><b>2006<\/b><\/h4>\t\t\t\t<\/div>\n\t\t\t\t<\/div>\n\t\t\t\t<div class=\"elementor-element elementor-element-e94f398 elementor-widget__width-initial elementor-widget elementor-widget-text-editor\" data-id=\"e94f398\" data-element_type=\"widget\" data-widget_type=\"text-editor.default\">\n\t\t\t\t<div class=\"elementor-widget-container\">\n\t\t\t\t\t\t\t\t\t<p>BJ Adaptaciones inicia la traducci\u00f3n y localizaci\u00f3n al espa\u00f1ol de los principales programas de software internacionales relacionados con la tecnolog\u00eda de apoyo.<\/p><p>La compa\u00f1\u00eda comienza a distribuir y comercializar en Espa\u00f1a los principales productos referentes mundiales del sector, hasta ese momento desconocidos por el p\u00fablico espa\u00f1ol. <\/p>\t\t\t\t\t\t\t\t<\/div>\n\t\t\t\t<\/div>\n\t\t\t\t\t<\/div>\n\t\t\t\t<\/div>\n\t\t\t\t\t<\/div>\n\t\t\t\t<\/div>\n\t\t<div class=\"elementor-element elementor-element-9b0f8ca e-flex e-con-boxed e-con e-parent\" data-id=\"9b0f8ca\" data-element_type=\"container\">\n\t\t\t\t\t<div class=\"e-con-inner\">\n\t\t\t\t<div class=\"elementor-element elementor-element-f511594 elementor-widget elementor-widget-image\" data-id=\"f511594\" data-element_type=\"widget\" data-widget_type=\"image.default\">\n\t\t\t\t<div class=\"elementor-widget-container\">\n\t\t\t\t\t\t\t\t\t\t\t\t\t\t\t<img loading=\"lazy\" decoding=\"async\" width=\"1024\" height=\"461\" src=\"https:\/\/qinera.com\/app\/uploads\/2024\/05\/joaquin-romero-1-e1714636653744-1024x461.jpg\" class=\"attachment-large size-large wp-image-3220\" alt=\"\" srcset=\"https:\/\/qinera.com\/app\/uploads\/2024\/05\/joaquin-romero-1-e1714636653744-1024x461.jpg 1024w, https:\/\/qinera.com\/app\/uploads\/2024\/05\/joaquin-romero-1-e1714636653744-300x135.jpg 300w, https:\/\/qinera.com\/app\/uploads\/2024\/05\/joaquin-romero-1-e1714636653744-768x346.jpg 768w, https:\/\/qinera.com\/app\/uploads\/2024\/05\/joaquin-romero-1-e1714636653744-1536x691.jpg 1536w, https:\/\/qinera.com\/app\/uploads\/2024\/05\/joaquin-romero-1-e1714636653744.jpg 1920w\" sizes=\"(max-width: 1024px) 100vw, 1024px\" \/>\t\t\t\t\t\t\t\t\t\t\t\t\t\t\t<\/div>\n\t\t\t\t<\/div>\n\t\t\t\t\t<\/div>\n\t\t\t\t<\/div>\n\t\t<div class=\"elementor-element elementor-element-9d18225 e-flex e-con-boxed e-con e-parent\" data-id=\"9d18225\" data-element_type=\"container\">\n\t\t\t\t\t<div class=\"e-con-inner\">\n\t\t<div class=\"elementor-element elementor-element-196b1ff e-flex e-con-boxed e-con e-child\" data-id=\"196b1ff\" data-element_type=\"container\">\n\t\t\t\t\t<div class=\"e-con-inner\">\n\t\t\t\t<div class=\"elementor-element elementor-element-8866d01 elementor-widget elementor-widget-heading\" data-id=\"8866d01\" data-element_type=\"widget\" data-widget_type=\"heading.default\">\n\t\t\t\t<div class=\"elementor-widget-container\">\n\t\t\t\t\t<h4 class=\"elementor-heading-title elementor-size-default\"><b>2005<\/b><\/h4>\t\t\t\t<\/div>\n\t\t\t\t<\/div>\n\t\t\t\t<div class=\"elementor-element elementor-element-86383a2 elementor-widget__width-initial elementor-widget elementor-widget-text-editor\" data-id=\"86383a2\" data-element_type=\"widget\" data-widget_type=\"text-editor.default\">\n\t\t\t\t<div class=\"elementor-widget-container\">\n\t\t\t\t\t\t\t\t\t<p>BJ Adaptaciones cambia de local y ampl\u00eda sus instalaciones. El equipo es ahora de 3 personas.<\/p><p>Se inician las acciones de formaci\u00f3n a medida para profesionales del sector.<\/p>\t\t\t\t\t\t\t\t<\/div>\n\t\t\t\t<\/div>\n\t\t\t\t<div class=\"elementor-element elementor-element-142b367 elementor-widget elementor-widget-heading\" data-id=\"142b367\" data-element_type=\"widget\" data-widget_type=\"heading.default\">\n\t\t\t\t<div class=\"elementor-widget-container\">\n\t\t\t\t\t<h4 class=\"elementor-heading-title elementor-size-default\"><b>Premio Investigaci\u00f3n - Premios Acc\u00e9s 2005 - Fundaci\u00f3 Salas<\/b><\/h4>\t\t\t\t<\/div>\n\t\t\t\t<\/div>\n\t\t\t\t\t<\/div>\n\t\t\t\t<\/div>\n\t\t\t\t\t<\/div>\n\t\t\t\t<\/div>\n\t\t<div class=\"elementor-element elementor-element-ad5b92d e-flex e-con-boxed e-con e-parent\" data-id=\"ad5b92d\" data-element_type=\"container\">\n\t\t\t\t\t<div class=\"e-con-inner\">\n\t\t<div class=\"elementor-element elementor-element-3928852 e-flex e-con-boxed e-con e-child\" data-id=\"3928852\" data-element_type=\"container\">\n\t\t\t\t\t<div class=\"e-con-inner\">\n\t\t\t\t<div class=\"elementor-element elementor-element-a72dce6 elementor-widget elementor-widget-heading\" data-id=\"a72dce6\" data-element_type=\"widget\" data-widget_type=\"heading.default\">\n\t\t\t\t<div class=\"elementor-widget-container\">\n\t\t\t\t\t<h4 class=\"elementor-heading-title elementor-size-default\"><b>2004<\/b><\/h4>\t\t\t\t<\/div>\n\t\t\t\t<\/div>\n\t\t\t\t<div class=\"elementor-element elementor-element-dcedb88 elementor-widget__width-initial elementor-widget elementor-widget-text-editor\" data-id=\"dcedb88\" data-element_type=\"widget\" data-widget_type=\"text-editor.default\">\n\t\t\t\t<div class=\"elementor-widget-container\">\n\t\t\t\t\t\t\t\t\t<p>ASPACE (Asociaci\u00f3n de las personas con Par\u00e1lisis Cerebral) inaugura el <b>primer piso domotizado para personas con discapacidad.<\/b> BJ Adaptaciones es la empresa responsable de dise\u00f1ar y coordinar el proyecto, as\u00ed como de proporcionar toda la tecnolog\u00eda.<\/p>\t\t\t\t\t\t\t\t<\/div>\n\t\t\t\t<\/div>\n\t\t\t\t\t<\/div>\n\t\t\t\t<\/div>\n\t\t\t\t\t<\/div>\n\t\t\t\t<\/div>\n\t\t<div class=\"elementor-element elementor-element-d7c71c2 e-flex e-con-boxed e-con e-parent\" data-id=\"d7c71c2\" data-element_type=\"container\">\n\t\t\t\t\t<div class=\"e-con-inner\">\n\t\t<div class=\"elementor-element elementor-element-9a5f5ea e-flex e-con-boxed e-con e-child\" data-id=\"9a5f5ea\" data-element_type=\"container\">\n\t\t\t\t\t<div class=\"e-con-inner\">\n\t\t\t\t<div class=\"elementor-element elementor-element-5e5d522 elementor-widget elementor-widget-heading\" data-id=\"5e5d522\" data-element_type=\"widget\" data-widget_type=\"heading.default\">\n\t\t\t\t<div class=\"elementor-widget-container\">\n\t\t\t\t\t<h4 class=\"elementor-heading-title elementor-size-default\"><b>2003<\/b><\/h4>\t\t\t\t<\/div>\n\t\t\t\t<\/div>\n\t\t\t\t<div class=\"elementor-element elementor-element-70a4136 elementor-widget__width-initial elementor-widget elementor-widget-text-editor\" data-id=\"70a4136\" data-element_type=\"widget\" data-widget_type=\"text-editor.default\">\n\t\t\t\t<div class=\"elementor-widget-container\">\n\t\t\t\t\t\t\t\t\t<p><b>Toshiba y BJ Adaptaciones establecen una alianza de colaboraci\u00f3n. <br \/><\/b>En el espacio de Toshiba en la Exposici\u00f3n del SIMO (Madrid), y por primera vez en ese certamen, una persona con discapacidad es capaz de controlar todos los elementos del stand.<\/p>\t\t\t\t\t\t\t\t<\/div>\n\t\t\t\t<\/div>\n\t\t<div class=\"elementor-element elementor-element-073280e e-con-full e-flex e-con e-child\" data-id=\"073280e\" data-element_type=\"container\">\n\t\t\t\t<div class=\"elementor-element elementor-element-2bb8717 elementor-widget elementor-widget-image\" data-id=\"2bb8717\" data-element_type=\"widget\" data-widget_type=\"image.default\">\n\t\t\t\t<div class=\"elementor-widget-container\">\n\t\t\t\t\t\t\t\t\t\t\t\t\t\t\t<img loading=\"lazy\" decoding=\"async\" width=\"500\" height=\"225\" src=\"https:\/\/qinera.com\/app\/uploads\/2024\/05\/BorjaJoaquin_BJ-e1714635740722.png\" class=\"attachment-large size-large wp-image-3217\" alt=\"\" srcset=\"https:\/\/qinera.com\/app\/uploads\/2024\/05\/BorjaJoaquin_BJ-e1714635740722.png 500w, https:\/\/qinera.com\/app\/uploads\/2024\/05\/BorjaJoaquin_BJ-e1714635740722-300x135.png 300w\" sizes=\"(max-width: 500px) 100vw, 500px\" \/>\t\t\t\t\t\t\t\t\t\t\t\t\t\t\t<\/div>\n\t\t\t\t<\/div>\n\t\t\t\t<\/div>\n\t\t\t\t\t<\/div>\n\t\t\t\t<\/div>\n\t\t\t\t\t<\/div>\n\t\t\t\t<\/div>\n\t\t<div class=\"elementor-element elementor-element-076813c e-flex e-con-boxed e-con e-parent\" data-id=\"076813c\" data-element_type=\"container\">\n\t\t\t\t\t<div class=\"e-con-inner\">\n\t\t<div class=\"elementor-element elementor-element-dcca2df e-flex e-con-boxed e-con e-child\" data-id=\"dcca2df\" data-element_type=\"container\">\n\t\t\t\t\t<div class=\"e-con-inner\">\n\t\t\t\t<div class=\"elementor-element elementor-element-7c30494 elementor-widget elementor-widget-heading\" data-id=\"7c30494\" data-element_type=\"widget\" data-widget_type=\"heading.default\">\n\t\t\t\t<div class=\"elementor-widget-container\">\n\t\t\t\t\t<h4 class=\"elementor-heading-title elementor-size-default\"><b>2002<\/b><\/h4>\t\t\t\t<\/div>\n\t\t\t\t<\/div>\n\t\t\t\t<div class=\"elementor-element elementor-element-9ea3807 elementor-widget__width-initial elementor-widget elementor-widget-text-editor\" data-id=\"9ea3807\" data-element_type=\"widget\" data-widget_type=\"text-editor.default\">\n\t\t\t\t<div class=\"elementor-widget-container\">\n\t\t\t\t\t\t\t\t\t<p>Tras adaptar su piso con tecnolog\u00eda propia, <b>Joaqu\u00edn y Borja fundan BJ Adaptaciones<\/b>. Una empresa que naci\u00f3 con el prop\u00f3sito de ayudar a las personas con discapacidad (o con alguna limitaci\u00f3n) a mejorar su autonom\u00eda personal.<\/p>\t\t\t\t\t\t\t\t<\/div>\n\t\t\t\t<\/div>\n\t\t\t\t\t<\/div>\n\t\t\t\t<\/div>\n\t\t\t\t\t<\/div>\n\t\t\t\t<\/div>\n\t\t<div class=\"elementor-element elementor-element-1f06422 e-flex e-con-boxed e-con e-parent\" data-id=\"1f06422\" data-element_type=\"container\">\n\t\t\t\t\t<div class=\"e-con-inner\">\n\t\t<div class=\"elementor-element elementor-element-c437349 e-flex e-con-boxed e-con e-child\" data-id=\"c437349\" data-element_type=\"container\">\n\t\t\t\t\t<div class=\"e-con-inner\">\n\t\t\t\t<div class=\"elementor-element elementor-element-f2659e2 elementor-widget elementor-widget-heading\" data-id=\"f2659e2\" data-element_type=\"widget\" data-widget_type=\"heading.default\">\n\t\t\t\t<div class=\"elementor-widget-container\">\n\t\t\t\t\t<h4 class=\"elementor-heading-title elementor-size-default\"><b>2001<\/b><\/h4>\t\t\t\t<\/div>\n\t\t\t\t<\/div>\n\t\t\t\t<div class=\"elementor-element elementor-element-3119c0b elementor-widget__width-initial elementor-widget elementor-widget-text-editor\" data-id=\"3119c0b\" data-element_type=\"widget\" data-widget_type=\"text-editor.default\">\n\t\t\t\t<div class=\"elementor-widget-container\">\n\t\t\t\t\t\t\t\t\t<p><b>Joaqu\u00edn Romero<\/b> es diagnosticado de esclerosis m\u00faltiple con 23 a\u00f1os. Decide, junto a su hermano Borja, <b>adaptar su vivienda<\/b> de Barcelona para aumentar su autonom\u00eda y mejorar su calidad de vida.<\/p>\t\t\t\t\t\t\t\t<\/div>\n\t\t\t\t<\/div>\n\t\t\t\t\t<\/div>\n\t\t\t\t<\/div>\n\t\t\t\t\t<\/div>\n\t\t\t\t<\/div>\n\t\t<div class=\"elementor-element elementor-element-c8e3167 e-flex e-con-boxed e-con e-parent\" data-id=\"c8e3167\" data-element_type=\"container\">\n\t\t\t\t\t<div class=\"e-con-inner\">\n\t\t\t\t\t<\/div>\n\t\t\t\t<\/div>\n\t\t<div class=\"elementor-element elementor-element-ce6c221 e-flex e-con-boxed e-con e-child\" data-id=\"ce6c221\" data-element_type=\"container\" data-settings=\"{&quot;background_background&quot;:&quot;classic&quot;}\">\n\t\t\t\t\t<div class=\"e-con-inner\">\n\t\t<div class=\"elementor-element elementor-element-6c20da6 e-con-full e-flex e-con e-child\" data-id=\"6c20da6\" data-element_type=\"container\">\n\t\t\t\t<div class=\"elementor-element elementor-element-4dcb1dd color0 elementor-widget elementor-widget-heading\" data-id=\"4dcb1dd\" data-element_type=\"widget\" data-widget_type=\"heading.default\">\n\t\t\t\t<div class=\"elementor-widget-container\">\n\t\t\t\t\t<h2 class=\"elementor-heading-title elementor-size-default\"><b>Seguimos fieles a nuestros valores<\/b><\/h2>\t\t\t\t<\/div>\n\t\t\t\t<\/div>\n\t\t\t\t<div class=\"elementor-element elementor-element-ca7d1dd color0 elementor-widget elementor-widget-heading\" data-id=\"ca7d1dd\" data-element_type=\"widget\" data-widget_type=\"heading.default\">\n\t\t\t\t<div class=\"elementor-widget-container\">\n\t\t\t\t\t<h4 class=\"elementor-heading-title elementor-size-default\">Dos d\u00e9cadas despu\u00e9s, seguimos ofreciendo cada d\u00eda apoyo y lo \u00faltimo en tecnolog\u00eda a las personas con discapacidad. Si quieres saber m\u00e1s sobre nuestra historia y nuestros proyectos, escr\u00edbenos a prensa@qinera.com\n<\/h4>\t\t\t\t<\/div>\n\t\t\t\t<\/div>\n\t\t\t\t<\/div>\n\t\t\t\t\t<\/div>\n\t\t\t\t<\/div>\n\t\t\t\t<\/div>\n\t\t","protected":false},"excerpt":{"rendered":"<p>2025 Nuevo espacio, mismo compromiso. En marzo nos trasladamos a unas nuevas instalaciones m\u00e1s amplias. Este cambio nos permitir\u00e1 seguir mejorando nuestros servicios, ampliar nuestro equipo y afrontar nuevos retos&#8230;<\/p>\n","protected":false},"author":1,"featured_media":0,"parent":0,"menu_order":0,"comment_status":"closed","ping_status":"closed","template":"","meta":{"_acf_changed":false,"inline_featured_image":false,"footnotes":""},"class_list":["post-1812","page","type-page","status-publish","hentry"],"acf":[],"yoast_head":"<!-- This site is optimized with the Yoast SEO plugin v26.1.1 - https:\/\/yoast.com\/wordpress\/plugins\/seo\/ -->\n<title>Premios y reconocimientos - Qinera<\/title>\n<meta name=\"robots\" content=\"index, follow, max-snippet:-1, max-image-preview:large, max-video-preview:-1\" \/>\n<link rel=\"canonical\" href=\"https:\/\/qinera.com\/es\/premios-y-reconocimientos\/\" \/>\n<meta property=\"og:locale\" content=\"es_ES\" \/>\n<meta property=\"og:type\" content=\"article\" \/>\n<meta property=\"og:title\" content=\"Premios y reconocimientos - Qinera\" \/>\n<meta property=\"og:description\" content=\"2025 Nuevo espacio, mismo compromiso. En marzo nos trasladamos a unas nuevas instalaciones m\u00e1s amplias. Este cambio nos permitir\u00e1 seguir mejorando nuestros servicios, ampliar nuestro equipo y afrontar nuevos retos...\" \/>\n<meta property=\"og:url\" content=\"https:\/\/qinera.com\/es\/premios-y-reconocimientos\/\" \/>\n<meta property=\"og:site_name\" content=\"Qinera\" \/>\n<meta property=\"article:modified_time\" content=\"2025-06-05T11:35:56+00:00\" \/>\n<meta property=\"og:image\" content=\"https:\/\/qinera.com\/app\/uploads\/2023\/11\/banner-qinera.jpg\" \/>\n<meta name=\"twitter:card\" content=\"summary_large_image\" \/>\n<meta name=\"twitter:label1\" content=\"Tiempo de lectura\" \/>\n\t<meta name=\"twitter:data1\" content=\"6 minutos\" \/>\n<script type=\"application\/ld+json\" class=\"yoast-schema-graph\">{\"@context\":\"https:\/\/schema.org\",\"@graph\":[{\"@type\":\"WebPage\",\"@id\":\"https:\/\/qinera.com\/es\/premios-y-reconocimientos\/\",\"url\":\"https:\/\/qinera.com\/es\/premios-y-reconocimientos\/\",\"name\":\"Premios y reconocimientos - Qinera\",\"isPartOf\":{\"@id\":\"https:\/\/qinera.com\/es\/#website\"},\"primaryImageOfPage\":{\"@id\":\"https:\/\/qinera.com\/es\/premios-y-reconocimientos\/#primaryimage\"},\"image\":{\"@id\":\"https:\/\/qinera.com\/es\/premios-y-reconocimientos\/#primaryimage\"},\"thumbnailUrl\":\"https:\/\/qinera.com\/app\/uploads\/2023\/11\/banner-qinera.jpg\",\"datePublished\":\"2023-11-14T09:09:36+00:00\",\"dateModified\":\"2025-06-05T11:35:56+00:00\",\"breadcrumb\":{\"@id\":\"https:\/\/qinera.com\/es\/premios-y-reconocimientos\/#breadcrumb\"},\"inLanguage\":\"es\",\"potentialAction\":[{\"@type\":\"ReadAction\",\"target\":[\"https:\/\/qinera.com\/es\/premios-y-reconocimientos\/\"]}]},{\"@type\":\"ImageObject\",\"inLanguage\":\"es\",\"@id\":\"https:\/\/qinera.com\/es\/premios-y-reconocimientos\/#primaryimage\",\"url\":\"https:\/\/qinera.com\/app\/uploads\/2023\/11\/banner-qinera.jpg\",\"contentUrl\":\"https:\/\/qinera.com\/app\/uploads\/2023\/11\/banner-qinera.jpg\"},{\"@type\":\"BreadcrumbList\",\"@id\":\"https:\/\/qinera.com\/es\/premios-y-reconocimientos\/#breadcrumb\",\"itemListElement\":[{\"@type\":\"ListItem\",\"position\":1,\"name\":\"Portada\",\"item\":\"https:\/\/qinera.com\/es\/\"},{\"@type\":\"ListItem\",\"position\":2,\"name\":\"Premios y reconocimientos\"}]},{\"@type\":\"WebSite\",\"@id\":\"https:\/\/qinera.com\/es\/#website\",\"url\":\"https:\/\/qinera.com\/es\/\",\"name\":\"Qinera\",\"description\":\"\",\"potentialAction\":[{\"@type\":\"SearchAction\",\"target\":{\"@type\":\"EntryPoint\",\"urlTemplate\":\"https:\/\/qinera.com\/es\/?s={search_term_string}\"},\"query-input\":{\"@type\":\"PropertyValueSpecification\",\"valueRequired\":true,\"valueName\":\"search_term_string\"}}],\"inLanguage\":\"es\"}]}<\/script>\n<!-- \/ Yoast SEO plugin. -->","yoast_head_json":{"title":"Premios y reconocimientos - Qinera","robots":{"index":"index","follow":"follow","max-snippet":"max-snippet:-1","max-image-preview":"max-image-preview:large","max-video-preview":"max-video-preview:-1"},"canonical":"https:\/\/qinera.com\/es\/premios-y-reconocimientos\/","og_locale":"es_ES","og_type":"article","og_title":"Premios y reconocimientos - Qinera","og_description":"2025 Nuevo espacio, mismo compromiso. En marzo nos trasladamos a unas nuevas instalaciones m\u00e1s amplias. Este cambio nos permitir\u00e1 seguir mejorando nuestros servicios, ampliar nuestro equipo y afrontar nuevos retos...","og_url":"https:\/\/qinera.com\/es\/premios-y-reconocimientos\/","og_site_name":"Qinera","article_modified_time":"2025-06-05T11:35:56+00:00","og_image":[{"url":"https:\/\/qinera.com\/app\/uploads\/2023\/11\/banner-qinera.jpg","type":"","width":"","height":""}],"twitter_card":"summary_large_image","twitter_misc":{"Tiempo de lectura":"6 minutos"},"schema":{"@context":"https:\/\/schema.org","@graph":[{"@type":"WebPage","@id":"https:\/\/qinera.com\/es\/premios-y-reconocimientos\/","url":"https:\/\/qinera.com\/es\/premios-y-reconocimientos\/","name":"Premios y reconocimientos - Qinera","isPartOf":{"@id":"https:\/\/qinera.com\/es\/#website"},"primaryImageOfPage":{"@id":"https:\/\/qinera.com\/es\/premios-y-reconocimientos\/#primaryimage"},"image":{"@id":"https:\/\/qinera.com\/es\/premios-y-reconocimientos\/#primaryimage"},"thumbnailUrl":"https:\/\/qinera.com\/app\/uploads\/2023\/11\/banner-qinera.jpg","datePublished":"2023-11-14T09:09:36+00:00","dateModified":"2025-06-05T11:35:56+00:00","breadcrumb":{"@id":"https:\/\/qinera.com\/es\/premios-y-reconocimientos\/#breadcrumb"},"inLanguage":"es","potentialAction":[{"@type":"ReadAction","target":["https:\/\/qinera.com\/es\/premios-y-reconocimientos\/"]}]},{"@type":"ImageObject","inLanguage":"es","@id":"https:\/\/qinera.com\/es\/premios-y-reconocimientos\/#primaryimage","url":"https:\/\/qinera.com\/app\/uploads\/2023\/11\/banner-qinera.jpg","contentUrl":"https:\/\/qinera.com\/app\/uploads\/2023\/11\/banner-qinera.jpg"},{"@type":"BreadcrumbList","@id":"https:\/\/qinera.com\/es\/premios-y-reconocimientos\/#breadcrumb","itemListElement":[{"@type":"ListItem","position":1,"name":"Portada","item":"https:\/\/qinera.com\/es\/"},{"@type":"ListItem","position":2,"name":"Premios y reconocimientos"}]},{"@type":"WebSite","@id":"https:\/\/qinera.com\/es\/#website","url":"https:\/\/qinera.com\/es\/","name":"Qinera","description":"","potentialAction":[{"@type":"SearchAction","target":{"@type":"EntryPoint","urlTemplate":"https:\/\/qinera.com\/es\/?s={search_term_string}"},"query-input":{"@type":"PropertyValueSpecification","valueRequired":true,"valueName":"search_term_string"}}],"inLanguage":"es"}]}},"_links":{"self":[{"href":"https:\/\/qinera.com\/es\/wp-json\/wp\/v2\/pages\/1812","targetHints":{"allow":["GET"]}}],"collection":[{"href":"https:\/\/qinera.com\/es\/wp-json\/wp\/v2\/pages"}],"about":[{"href":"https:\/\/qinera.com\/es\/wp-json\/wp\/v2\/types\/page"}],"author":[{"embeddable":true,"href":"https:\/\/qinera.com\/es\/wp-json\/wp\/v2\/users\/1"}],"replies":[{"embeddable":true,"href":"https:\/\/qinera.com\/es\/wp-json\/wp\/v2\/comments?post=1812"}],"version-history":[{"count":0,"href":"https:\/\/qinera.com\/es\/wp-json\/wp\/v2\/pages\/1812\/revisions"}],"wp:attachment":[{"href":"https:\/\/qinera.com\/es\/wp-json\/wp\/v2\/media?parent=1812"}],"curies":[{"name":"wp","href":"https:\/\/api.w.org\/{rel}","templated":true}]}}